{"id":61826,"date":"2026-02-02T15:53:38","date_gmt":"2026-02-02T20:53:38","guid":{"rendered":"https:\/\/www.supportedemployment.ca\/?page_id=61826"},"modified":"2026-05-27T14:21:04","modified_gmt":"2026-05-27T18:21:04","slug":"case-news","status":"publish","type":"page","link":"https:\/\/www.supportedemployment.ca\/fr\/case-news\/","title":{"rendered":"Nouvelles des cas"},"content":{"rendered":"<div data-elementor-type=\"wp-page\" data-elementor-id=\"61826\" class=\"elementor elementor-61826\" data-elementor-post-type=\"page\">\n\t\t\t\t\t\t<section class=\"elementor-section elementor-top-section elementor-element elementor-element-f1c5569 elementor-section-boxed elementor-section-height-default elementor-section-height-default\" data-id=\"f1c5569\" data-element_type=\"section\" data-e-type=\"section\" data-settings=\"{&quot;background_background&quot;:&quot;classic&quot;}\">\n\t\t\t\t\t\t<div class=\"elementor-container elementor-column-gap-default\">\n\t\t\t\t\t<div class=\"elementor-column elementor-col-100 elementor-top-column elementor-element elementor-element-7383969\" data-id=\"7383969\" data-element_type=\"column\" data-e-type=\"column\">\n\t\t\t<div class=\"elementor-widget-wrap elementor-element-populated\">\n\t\t\t\t\t\t<div class=\"elementor-element elementor-element-e649ec4 elementor-widget elementor-widget-heading\" data-id=\"e649ec4\" data-element_type=\"widget\" data-e-type=\"widget\" data-widget_type=\"heading.default\">\n\t\t\t\t<div class=\"elementor-widget-container\">\n\t\t\t\t\t<h1 class=\"elementor-heading-title elementor-size-default\">Nouvelles des cas<\/h1>\t\t\t\t<\/div>\n\t\t\t\t<\/div>\n\t\t\t\t\t<\/div>\n\t\t<\/div>\n\t\t\t\t\t<\/div>\n\t\t<\/section>\n\t\t\t\t<section class=\"elementor-section elementor-top-section elementor-element elementor-element-3833593 elementor-section-boxed elementor-section-height-default elementor-section-height-default\" data-id=\"3833593\" data-element_type=\"section\" data-e-type=\"section\">\n\t\t\t\t\t\t<div class=\"elementor-container elementor-column-gap-default\">\n\t\t\t\t\t<div class=\"elementor-column elementor-col-100 elementor-top-column elementor-element elementor-element-5f26f8e\" data-id=\"5f26f8e\" data-element_type=\"column\" data-e-type=\"column\">\n\t\t\t<div class=\"elementor-widget-wrap elementor-element-populated\">\n\t\t\t\t\t\t<div class=\"elementor-element elementor-element-0d0df6c elementor-widget elementor-widget-text-editor\" data-id=\"0d0df6c\" data-element_type=\"widget\" data-e-type=\"widget\" data-widget_type=\"text-editor.default\">\n\t\t\t\t<div class=\"elementor-widget-container\">\n\t\t\t\t\t\t\t\t\t<p>Pour toute demande des m\u00e9dias, veuillez contacter l&#039; Association canadienne de soutien \u00e0 l&#039;emploi (ACSE) \u00e0 l&#039;adresse suivante :\u00a0<a href=\"mailto:contact@supportedemployment.ca\" target=\"_blank\" rel=\"noopener\">contact@supportedemployment.ca<\/a>.<\/p>\t\t\t\t\t\t\t\t<\/div>\n\t\t\t\t<\/div>\n\t\t\t\t<div class=\"elementor-element elementor-element-e34410d elementor-widget elementor-widget-text-editor\" data-id=\"e34410d\" data-element_type=\"widget\" data-e-type=\"widget\" data-widget_type=\"text-editor.default\">\n\t\t\t\t<div class=\"elementor-widget-container\">\n\t\t\t\t\t\t\t\t\t<p>Passez \u00e0 la section suivante\u00a0:<\/p>\t\t\t\t\t\t\t\t<\/div>\n\t\t\t\t<\/div>\n\t\t\t\t<div class=\"elementor-element elementor-element-765c7d8 elementor-widget elementor-widget-text-editor\" data-id=\"765c7d8\" data-element_type=\"widget\" data-e-type=\"widget\" data-widget_type=\"text-editor.default\">\n\t\t\t\t<div class=\"elementor-widget-container\">\n\t\t\t\t\t\t\t\t\t<p><a href=\"#casenews\">Derni\u00e8res nouvelles de ACSE<\/a><\/p><p>Les informations que nous partageons concernant les initiatives et les recherches de ACSE , ainsi que soutien \u00e0 l&#039;emploi, le handicap et inclusion en milieu de travail.<\/p>\t\t\t\t\t\t\t\t<\/div>\n\t\t\t\t<\/div>\n\t\t\t\t<div class=\"elementor-element elementor-element-870bc33 elementor-widget elementor-widget-text-editor\" data-id=\"870bc33\" data-element_type=\"widget\" data-e-type=\"widget\" data-widget_type=\"text-editor.default\">\n\t\t\t\t<div class=\"elementor-widget-container\">\n\t\t\t\t\t\t\t\t\t<p><a href=\"#caseinthenews\">ACSE dans les m\u00e9dias<\/a><\/p>\n<p>Couverture m\u00e9diatique de l&#039; ACSE.<\/p>\t\t\t\t\t\t\t\t<\/div>\n\t\t\t\t<\/div>\n\t\t\t\t\t<\/div>\n\t\t<\/div>\n\t\t\t\t\t<\/div>\n\t\t<\/section>\n\t\t\t\t<section class=\"elementor-section elementor-top-section elementor-element elementor-element-7984f6a elementor-section-boxed elementor-section-height-default elementor-section-height-default\" data-id=\"7984f6a\" data-element_type=\"section\" data-e-type=\"section\">\n\t\t\t\t\t\t<div class=\"elementor-container elementor-column-gap-default\">\n\t\t\t\t\t<div class=\"elementor-column elementor-col-100 elementor-top-column elementor-element elementor-element-fbfb7d8\" data-id=\"fbfb7d8\" data-element_type=\"column\" data-e-type=\"column\">\n\t\t\t<div class=\"elementor-widget-wrap elementor-element-populated\">\n\t\t\t\t\t\t<div class=\"elementor-element elementor-element-85fcff5 elementor-widget-divider--view-line elementor-widget elementor-widget-divider\" data-id=\"85fcff5\" data-element_type=\"widget\" data-e-type=\"widget\" data-widget_type=\"divider.default\">\n\t\t\t\t<div class=\"elementor-widget-container\">\n\t\t\t\t\t\t\t<div class=\"elementor-divider\">\n\t\t\t<span class=\"elementor-divider-separator\">\n\t\t\t\t\t\t<\/span>\n\t\t<\/div>\n\t\t\t\t\t\t<\/div>\n\t\t\t\t<\/div>\n\t\t\t\t\t<\/div>\n\t\t<\/div>\n\t\t\t\t\t<\/div>\n\t\t<\/section>\n\t\t\t\t<section class=\"elementor-section elementor-top-section elementor-element elementor-element-765509e elementor-section-boxed elementor-section-height-default elementor-section-height-default\" data-id=\"765509e\" data-element_type=\"section\" data-e-type=\"section\">\n\t\t\t\t\t\t<div class=\"elementor-container elementor-column-gap-default\">\n\t\t\t\t\t<div class=\"elementor-column elementor-col-100 elementor-top-column elementor-element elementor-element-e851f38\" data-id=\"e851f38\" data-element_type=\"column\" data-e-type=\"column\">\n\t\t\t<div class=\"elementor-widget-wrap\">\n\t\t\t\t\t\t\t<\/div>\n\t\t<\/div>\n\t\t\t\t\t<\/div>\n\t\t<\/section>\n\t\t\t\t<section class=\"elementor-section elementor-top-section elementor-element elementor-element-1873a3e elementor-section-boxed elementor-section-height-default elementor-section-height-default\" data-id=\"1873a3e\" data-element_type=\"section\" data-e-type=\"section\">\n\t\t\t\t\t\t<div class=\"elementor-container elementor-column-gap-default\">\n\t\t\t\t\t<div class=\"elementor-column elementor-col-100 elementor-top-column elementor-element elementor-element-46d1f15\" data-id=\"46d1f15\" data-element_type=\"column\" data-e-type=\"column\" id=\"casenews\">\n\t\t\t<div class=\"elementor-widget-wrap elementor-element-populated\">\n\t\t\t\t\t\t<div class=\"elementor-element elementor-element-e837437 elementor-widget elementor-widget-heading\" data-id=\"e837437\" data-element_type=\"widget\" data-e-type=\"widget\" data-widget_type=\"heading.default\">\n\t\t\t\t<div class=\"elementor-widget-container\">\n\t\t\t\t\t<h2 class=\"elementor-heading-title elementor-size-default\">Derni\u00e8res nouvelles de ACSE<\/h2>\t\t\t\t<\/div>\n\t\t\t\t<\/div>\n\t\t\t\t\t<\/div>\n\t\t<\/div>\n\t\t\t\t\t<\/div>\n\t\t<\/section>\n\t\t\t\t<section class=\"elementor-section elementor-top-section elementor-element elementor-element-f14b42f elementor-section-boxed elementor-section-height-default elementor-section-height-default\" data-id=\"f14b42f\" data-element_type=\"section\" data-e-type=\"section\">\n\t\t\t\t\t\t<div class=\"elementor-container elementor-column-gap-default\">\n\t\t\t\t\t<div class=\"elementor-column elementor-col-33 elementor-top-column elementor-element elementor-element-ed6cb30\" data-id=\"ed6cb30\" data-element_type=\"column\" data-e-type=\"column\">\n\t\t\t<div class=\"elementor-widget-wrap elementor-element-populated\">\n\t\t\t\t\t\t<div class=\"elementor-element elementor-element-a3c7a66 elementor-widget elementor-widget-image\" data-id=\"a3c7a66\" data-element_type=\"widget\" data-e-type=\"widget\" data-widget_type=\"image.default\">\n\t\t\t\t<div class=\"elementor-widget-container\">\n\t\t\t\t\t\t\t\t\t\t\t\t\t\t\t<img decoding=\"async\" src=\"https:\/\/www.supportedemployment.ca\/wp-content\/uploads\/elementor\/thumbs\/A-Small-Group-of-Colleagues-Work-Together-cropped-rlfn3zu4s6uat28ra98df7h3tmmod2zl8ez8rob3rk.jpg\" title=\"Un petit groupe de coll\u00e8gues travaille ensemble \u2013 image recadr\u00e9e\" alt=\"A small group of colleagues work together.\" loading=\"lazy\" \/>\t\t\t\t\t\t\t\t\t\t\t\t\t\t\t<\/div>\n\t\t\t\t<\/div>\n\t\t\t\t<div class=\"elementor-element elementor-element-d84a46f elementor-widget elementor-widget-text-editor\" data-id=\"d84a46f\" data-element_type=\"widget\" data-e-type=\"widget\" data-widget_type=\"text-editor.default\">\n\t\t\t\t<div class=\"elementor-widget-container\">\n\t\t\t\t\t\t\t\t\t<p><a href=\"https:\/\/www.supportedemployment.ca\/fr\/new-resource-sparks-conversations-about-employment-for-persons-experiencing-disability\/\" target=\"_blank\" rel=\"noopener\">Une nouvelle ressource suscite des conversations sur l'emploi des personnes en situation de handicap<\/a><\/p><p>\u00a0<\/p><p>26 mai 2026<\/p>\t\t\t\t\t\t\t\t<\/div>\n\t\t\t\t<\/div>\n\t\t\t\t\t<\/div>\n\t\t<\/div>\n\t\t\t\t<div class=\"elementor-column elementor-col-33 elementor-top-column elementor-element elementor-element-6a44306\" data-id=\"6a44306\" data-element_type=\"column\" data-e-type=\"column\">\n\t\t\t<div class=\"elementor-widget-wrap\">\n\t\t\t\t\t\t\t<\/div>\n\t\t<\/div>\n\t\t\t\t<div class=\"elementor-column elementor-col-33 elementor-top-column elementor-element elementor-element-dd45d8b\" data-id=\"dd45d8b\" data-element_type=\"column\" data-e-type=\"column\">\n\t\t\t<div class=\"elementor-widget-wrap\">\n\t\t\t\t\t\t\t<\/div>\n\t\t<\/div>\n\t\t\t\t\t<\/div>\n\t\t<\/section>\n\t\t\t\t<section class=\"elementor-section elementor-top-section elementor-element elementor-element-db53766 elementor-section-boxed elementor-section-height-default elementor-section-height-default\" data-id=\"db53766\" data-element_type=\"section\" data-e-type=\"section\">\n\t\t\t\t\t\t<div class=\"elementor-container elementor-column-gap-default\">\n\t\t\t\t\t<div class=\"elementor-column elementor-col-33 elementor-top-column elementor-element elementor-element-6f8d3cc\" data-id=\"6f8d3cc\" data-element_type=\"column\" data-e-type=\"column\">\n\t\t\t<div class=\"elementor-widget-wrap elementor-element-populated\">\n\t\t\t\t\t\t<div class=\"elementor-element elementor-element-55db008 elementor-widget elementor-widget-image\" data-id=\"55db008\" data-element_type=\"widget\" data-e-type=\"widget\" data-widget_type=\"image.default\">\n\t\t\t\t<div class=\"elementor-widget-container\">\n\t\t\t\t\t\t\t\t\t\t\t\t\t\t\t<img decoding=\"async\" src=\"https:\/\/www.supportedemployment.ca\/wp-content\/uploads\/elementor\/thumbs\/iStock-1443177484_indigenous-smaller-rl4vhyfuxktbmr9h2jo5wgl3pgb70yf6qc46d23mq8.jpg\" title=\"iStock-1443177484_autochtone \u2013 plus petit\" alt=\"Indigenous welder in a shop\" loading=\"lazy\" \/>\t\t\t\t\t\t\t\t\t\t\t\t\t\t\t<\/div>\n\t\t\t\t<\/div>\n\t\t\t\t<div class=\"elementor-element elementor-element-db8ba7e elementor-widget elementor-widget-text-editor\" data-id=\"db8ba7e\" data-element_type=\"widget\" data-e-type=\"widget\" data-widget_type=\"text-editor.default\">\n\t\t\t\t<div class=\"elementor-widget-container\">\n\t\t\t\t\t\t\t\t\t<p><a href=\"https:\/\/www.supportedemployment.ca\/fr\/almost-one-third-of-indigenous-people-in-canada-experience-disability\/\">Pr\u00e8s d'un tiers des Autochtones au Canada vivent avec un handicap<\/a><\/p><p>3 novembre 2025<\/p>\t\t\t\t\t\t\t\t<\/div>\n\t\t\t\t<\/div>\n\t\t\t\t\t<\/div>\n\t\t<\/div>\n\t\t\t\t<div class=\"elementor-column elementor-col-33 elementor-top-column elementor-element elementor-element-20e5e0e\" data-id=\"20e5e0e\" data-element_type=\"column\" data-e-type=\"column\">\n\t\t\t<div class=\"elementor-widget-wrap elementor-element-populated\">\n\t\t\t\t\t\t<div class=\"elementor-element elementor-element-c9a83af elementor-widget elementor-widget-image\" data-id=\"c9a83af\" data-element_type=\"widget\" data-e-type=\"widget\" data-widget_type=\"image.default\">\n\t\t\t\t<div class=\"elementor-widget-container\">\n\t\t\t\t\t\t\t\t\t\t\t\t\t\t\t<img decoding=\"async\" src=\"https:\/\/www.supportedemployment.ca\/wp-content\/uploads\/elementor\/thumbs\/iStock-1443177484_indigenous-smaller-rl4vhyfuxktbmr9h2jo5wgl3pgb70yf6qc46d23mq8.jpg\" title=\"iStock-1443177484_autochtone \u2013 plus petit\" alt=\"Indigenous welder in a shop\" loading=\"lazy\" \/>\t\t\t\t\t\t\t\t\t\t\t\t\t\t\t<\/div>\n\t\t\t\t<\/div>\n\t\t\t\t<div class=\"elementor-element elementor-element-5a61dd9 elementor-widget elementor-widget-text-editor\" data-id=\"5a61dd9\" data-element_type=\"widget\" data-e-type=\"widget\" data-widget_type=\"text-editor.default\">\n\t\t\t\t<div class=\"elementor-widget-container\">\n\t\t\t\t\t\t\t\t\t<p><a href=\"https:\/\/www.supportedemployment.ca\/fr\/pres-du-tiers-des-autochtones-au-canada-sont-en-situation-de-handicap\/\">Pr\u00e8s du tiers des Autochtones au Canada sont en situation de handicap<\/a><\/p><p>3 novembre 2025<\/p>\t\t\t\t\t\t\t\t<\/div>\n\t\t\t\t<\/div>\n\t\t\t\t\t<\/div>\n\t\t<\/div>\n\t\t\t\t<div class=\"elementor-column elementor-col-33 elementor-top-column elementor-element elementor-element-50ae408\" data-id=\"50ae408\" data-element_type=\"column\" data-e-type=\"column\">\n\t\t\t<div class=\"elementor-widget-wrap elementor-element-populated\">\n\t\t\t\t\t\t<div class=\"elementor-element elementor-element-af958e5 elementor-widget elementor-widget-image\" data-id=\"af958e5\" data-element_type=\"widget\" data-e-type=\"widget\" data-widget_type=\"image.default\">\n\t\t\t\t<div class=\"elementor-widget-container\">\n\t\t\t\t\t\t\t\t\t\t\t\t\t\t\t<img decoding=\"async\" src=\"https:\/\/www.supportedemployment.ca\/wp-content\/uploads\/elementor\/thumbs\/iStock-599146034-smaller-qb0a5m94yfd2thr108ch9jtkz2yiao3ik2304g8o28.jpg\" title=\"iStock-599146034 plus petit\" alt=\"iStock-599146034 smaller\" loading=\"lazy\" \/>\t\t\t\t\t\t\t\t\t\t\t\t\t\t\t<\/div>\n\t\t\t\t<\/div>\n\t\t\t\t<div class=\"elementor-element elementor-element-4e8713d elementor-widget elementor-widget-text-editor\" data-id=\"4e8713d\" data-element_type=\"widget\" data-e-type=\"widget\" data-widget_type=\"text-editor.default\">\n\t\t\t\t<div class=\"elementor-widget-container\">\n\t\t\t\t\t\t\t\t\t<p><a href=\"https:\/\/www.newswire.ca\/news-releases\/new-research-outlines-how-workplaces-can-become-more-accessible-to-people-with-disabilities-804368467.html\" target=\"_blank\" rel=\"noopener\">Une nouvelle \u00e9tude explique comment les lieux de travail peuvent devenir plus accessibles aux personnes handicap\u00e9es.<\/a><\/p><p>29 octobre 2025<\/p>\t\t\t\t\t\t\t\t<\/div>\n\t\t\t\t<\/div>\n\t\t\t\t\t<\/div>\n\t\t<\/div>\n\t\t\t\t\t<\/div>\n\t\t<\/section>\n\t\t\t\t<section class=\"elementor-section elementor-top-section elementor-element elementor-element-583390d elementor-section-boxed elementor-section-height-default elementor-section-height-default\" data-id=\"583390d\" data-element_type=\"section\" data-e-type=\"section\">\n\t\t\t\t\t\t<div class=\"elementor-container elementor-column-gap-default\">\n\t\t\t\t\t<div class=\"elementor-column elementor-col-33 elementor-top-column elementor-element elementor-element-920dddb\" data-id=\"920dddb\" data-element_type=\"column\" data-e-type=\"column\">\n\t\t\t<div class=\"elementor-widget-wrap elementor-element-populated\">\n\t\t\t\t\t\t<div class=\"elementor-element elementor-element-ae1155a elementor-widget elementor-widget-image\" data-id=\"ae1155a\" data-element_type=\"widget\" data-e-type=\"widget\" data-widget_type=\"image.default\">\n\t\t\t\t<div class=\"elementor-widget-container\">\n\t\t\t\t\t\t\t\t\t\t\t\t\t\t\t<img decoding=\"async\" src=\"https:\/\/www.supportedemployment.ca\/wp-content\/uploads\/elementor\/thumbs\/vicky-1743022944-case-header-rl54r91o9r2id54tv44uius2kzjldaktjzp9e5x6fk.png\" title=\"en-t\u00eate de cas vicky-1743022944\" alt=\"vicky-1743022944-case-header\" loading=\"lazy\" \/>\t\t\t\t\t\t\t\t\t\t\t\t\t\t\t<\/div>\n\t\t\t\t<\/div>\n\t\t\t\t<div class=\"elementor-element elementor-element-9dc4533 elementor-widget elementor-widget-text-editor\" data-id=\"9dc4533\" data-element_type=\"widget\" data-e-type=\"widget\" data-widget_type=\"text-editor.default\">\n\t\t\t\t<div class=\"elementor-widget-container\">\n\t\t\t\t\t\t\t\t\t<p><a href=\"https:\/\/www.innovatingcanada.ca\/diversity-and-inclusion\/how-supported-employment-can-unlock-workforce-potential\/\" target=\"_blank\" rel=\"noopener\">Comment l&#039;emploi accompagn\u00e9 peut lib\u00e9rer le potentiel de la main-d&#039;\u0153uvre<\/a><\/p><p>22 mars 2025<\/p>\t\t\t\t\t\t\t\t<\/div>\n\t\t\t\t<\/div>\n\t\t\t\t\t<\/div>\n\t\t<\/div>\n\t\t\t\t<div class=\"elementor-column elementor-col-33 elementor-top-column elementor-element elementor-element-4ad2b9c\" data-id=\"4ad2b9c\" data-element_type=\"column\" data-e-type=\"column\">\n\t\t\t<div class=\"elementor-widget-wrap elementor-element-populated\">\n\t\t\t\t\t\t<div class=\"elementor-element elementor-element-7dfe95a elementor-widget elementor-widget-image\" data-id=\"7dfe95a\" data-element_type=\"widget\" data-e-type=\"widget\" data-widget_type=\"image.default\">\n\t\t\t\t<div class=\"elementor-widget-container\">\n\t\t\t\t\t\t\t\t\t\t\t\t\t\t\t<img decoding=\"async\" src=\"https:\/\/www.supportedemployment.ca\/wp-content\/uploads\/elementor\/thumbs\/iStock-1447567060_72dpi-qqwswjz5g5jjmybrfo0yh8c6qlsh2jsxyf3fqqtads.jpg\" title=\"\" alt=\"Happy Hispanic job candidate shaking hands with Asian businesswoman after successful interview in the office.\" loading=\"lazy\" \/>\t\t\t\t\t\t\t\t\t\t\t\t\t\t\t<\/div>\n\t\t\t\t<\/div>\n\t\t\t\t<div class=\"elementor-element elementor-element-0d9d3e3 elementor-widget elementor-widget-text-editor\" data-id=\"0d9d3e3\" data-element_type=\"widget\" data-e-type=\"widget\" data-widget_type=\"text-editor.default\">\n\t\t\t\t<div class=\"elementor-widget-container\">\n\t\t\t\t\t\t\t\t\t<p><a href=\"https:\/\/www.thestar.com\/sponsored-sections\/one-in-five-canadian-workers-experiences-disability-disability-inclusion-strengthens-organizations\/article_9666ab26-b189-11ef-bb30-6b9d8717c153.html\" target=\"_blank\" rel=\"noopener\">Un travailleur personne vivant au Canada sur cinq est en situation de handicap : l\u2019inclusion des personnes handicap\u00e9es renforce les organisations<\/a><\/p><p>4 d\u00e9cembre 2024<\/p>\t\t\t\t\t\t\t\t<\/div>\n\t\t\t\t<\/div>\n\t\t\t\t\t<\/div>\n\t\t<\/div>\n\t\t\t\t<div class=\"elementor-column elementor-col-33 elementor-top-column elementor-element elementor-element-e164171\" data-id=\"e164171\" data-element_type=\"column\" data-e-type=\"column\">\n\t\t\t<div class=\"elementor-widget-wrap elementor-element-populated\">\n\t\t\t\t\t\t<div class=\"elementor-element elementor-element-f73c763 elementor-widget elementor-widget-image\" data-id=\"f73c763\" data-element_type=\"widget\" data-e-type=\"widget\" data-widget_type=\"image.default\">\n\t\t\t\t<div class=\"elementor-widget-container\">\n\t\t\t\t\t\t\t\t\t\t\t\t\t\t\t<img decoding=\"async\" src=\"https:\/\/www.supportedemployment.ca\/wp-content\/uploads\/elementor\/thumbs\/Mountainview-Brewing-rl54qznadepn51ihe02ktx5gn4tx8bji6p6eleb45s.png\" title=\"Brasserie Mountainview\" alt=\"Two people talking while working\" loading=\"lazy\" \/>\t\t\t\t\t\t\t\t\t\t\t\t\t\t\t<\/div>\n\t\t\t\t<\/div>\n\t\t\t\t<div class=\"elementor-element elementor-element-ae5b0b1 elementor-widget elementor-widget-text-editor\" data-id=\"ae5b0b1\" data-element_type=\"widget\" data-e-type=\"widget\" data-widget_type=\"text-editor.default\">\n\t\t\t\t<div class=\"elementor-widget-container\">\n\t\t\t\t\t\t\t\t\t<p><a href=\"https:\/\/www.innovatingcanada.ca\/diversity-and-inclusion\/diversifying-skilled-trades\/from-entry-level-to-leadership-the-disability-inclusion-advantage\/\" target=\"_blank\" rel=\"noopener\">Du premier \u00e9chelon au leadership : L&#039; Situation de handicap et inclusion: les avantages<\/a><\/p><p>7 d\u00e9cembre 2023<\/p>\t\t\t\t\t\t\t\t<\/div>\n\t\t\t\t<\/div>\n\t\t\t\t\t<\/div>\n\t\t<\/div>\n\t\t\t\t\t<\/div>\n\t\t<\/section>\n\t\t\t\t<section class=\"elementor-section elementor-top-section elementor-element elementor-element-0484d5c elementor-section-boxed elementor-section-height-default elementor-section-height-default\" data-id=\"0484d5c\" data-element_type=\"section\" data-e-type=\"section\">\n\t\t\t\t\t\t<div class=\"elementor-container elementor-column-gap-default\">\n\t\t\t\t\t<div class=\"elementor-column elementor-col-33 elementor-top-column elementor-element elementor-element-28ca326\" data-id=\"28ca326\" data-element_type=\"column\" data-e-type=\"column\">\n\t\t\t<div class=\"elementor-widget-wrap elementor-element-populated\">\n\t\t\t\t\t\t<div class=\"elementor-element elementor-element-25ae2c2 elementor-widget elementor-widget-image\" data-id=\"25ae2c2\" data-element_type=\"widget\" data-e-type=\"widget\" data-widget_type=\"image.default\">\n\t\t\t\t<div class=\"elementor-widget-container\">\n\t\t\t\t\t\t\t\t\t\t\t\t\t\t\t<img decoding=\"async\" src=\"https:\/\/www.supportedemployment.ca\/wp-content\/uploads\/elementor\/thumbs\/WASO-Computers-for-Schools-James-Logan-rl54rhi7z9e39msjhpshnan7xgdwakiel5kmpnkmvk.png\" title=\"Ordinateurs WASO pour les \u00e9coles \u2013 James et Logan\" alt=\"WASO Computers for Schools - James &amp; Logan\" loading=\"lazy\" \/>\t\t\t\t\t\t\t\t\t\t\t\t\t\t\t<\/div>\n\t\t\t\t<\/div>\n\t\t\t\t<div class=\"elementor-element elementor-element-b9338c5 elementor-widget elementor-widget-text-editor\" data-id=\"b9338c5\" data-element_type=\"widget\" data-e-type=\"widget\" data-widget_type=\"text-editor.default\">\n\t\t\t\t<div class=\"elementor-widget-container\">\n\t\t\t\t\t\t\t\t\t<p><a href=\"https:\/\/www.innovatingcanada.ca\/industry-and-business\/employee-wellness-and-total-rewards\/beyond-buzzwords-diversity-and-inclusion-are-key-to-economic-success\/\" target=\"_blank\" rel=\"noopener\">Au-del\u00e0 des mots \u00e0 la mode\u00a0: la diversit\u00e9 et l\u2019inclusion sont essentielles \u00e0 la r\u00e9ussite \u00e9conomique<\/a><\/p><p>D\u00e9cembre 2023<\/p>\t\t\t\t\t\t\t\t<\/div>\n\t\t\t\t<\/div>\n\t\t\t\t\t<\/div>\n\t\t<\/div>\n\t\t\t\t<div class=\"elementor-column elementor-col-33 elementor-top-column elementor-element elementor-element-4bf007e\" data-id=\"4bf007e\" data-element_type=\"column\" data-e-type=\"column\">\n\t\t\t<div class=\"elementor-widget-wrap elementor-element-populated\">\n\t\t\t\t\t\t<div class=\"elementor-element elementor-element-c7e0b62 elementor-widget elementor-widget-image\" data-id=\"c7e0b62\" data-element_type=\"widget\" data-e-type=\"widget\" data-widget_type=\"image.default\">\n\t\t\t\t<div class=\"elementor-widget-container\">\n\t\t\t\t\t\t\t\t\t\t\t\t\t\t\t<img decoding=\"async\" src=\"https:\/\/www.supportedemployment.ca\/wp-content\/uploads\/elementor\/thumbs\/Green-puzzle-person-cutout-rl54qq8wh2crwxw4ww0b4ziupa493ci6tenjsmp1w0.jpg\" title=\"D\u00e9coupe de personne puzzle vert\" alt=\"Green puzzle person cutout\" loading=\"lazy\" \/>\t\t\t\t\t\t\t\t\t\t\t\t\t\t\t<\/div>\n\t\t\t\t<\/div>\n\t\t\t\t<div class=\"elementor-element elementor-element-2a760be elementor-widget elementor-widget-text-editor\" data-id=\"2a760be\" data-element_type=\"widget\" data-e-type=\"widget\" data-widget_type=\"text-editor.default\">\n\t\t\t\t<div class=\"elementor-widget-container\">\n\t\t\t\t\t\t\t\t\t<p><a href=\"https:\/\/www.thestar.com\/sponsored-sections\/support-for-employers-to-strengthen-disability-inclusion\/article_635ac116-8e32-11ee-8df9-1f1c2803c7e8.html\" target=\"_blank\" rel=\"noopener\">Soutien aux employeurs pour renforcer l&#039;inclusion des personnes handicap\u00e9es<\/a><\/p><p>1er d\u00e9cembre 2023<\/p>\t\t\t\t\t\t\t\t<\/div>\n\t\t\t\t<\/div>\n\t\t\t\t\t<\/div>\n\t\t<\/div>\n\t\t\t\t<div class=\"elementor-column elementor-col-33 elementor-top-column elementor-element elementor-element-451867a\" data-id=\"451867a\" data-element_type=\"column\" data-e-type=\"column\">\n\t\t\t<div class=\"elementor-widget-wrap elementor-element-populated\">\n\t\t\t\t\t\t<div class=\"elementor-element elementor-element-35013ff elementor-widget elementor-widget-image\" data-id=\"35013ff\" data-element_type=\"widget\" data-e-type=\"widget\" data-widget_type=\"image.default\">\n\t\t\t\t<div class=\"elementor-widget-container\">\n\t\t\t\t\t\t\t\t\t\t\t\t\t\t\t<img decoding=\"async\" src=\"https:\/\/www.supportedemployment.ca\/wp-content\/uploads\/elementor\/thumbs\/iStock-1098386580-1-qb3vkqtst9cune3wz5y1eu3m1appsiibslg1xs3u8g.jpg\" title=\"iStock-1098386580-1\" alt=\"iStock-1098386580-1\" loading=\"lazy\" \/>\t\t\t\t\t\t\t\t\t\t\t\t\t\t\t<\/div>\n\t\t\t\t<\/div>\n\t\t\t\t<div class=\"elementor-element elementor-element-700e770 elementor-widget elementor-widget-text-editor\" data-id=\"700e770\" data-element_type=\"widget\" data-e-type=\"widget\" data-widget_type=\"text-editor.default\">\n\t\t\t\t<div class=\"elementor-widget-container\">\n\t\t\t\t\t\t\t\t\t<p><a href=\"https:\/\/www.globenewswire.com\/news-release\/2022\/08\/23\/2503236\/0\/en\/New-Research-Shows-How-Mentors-Support-the-Career-Development-of-Canadian-Youth-Experiencing-a-Disability.html\" target=\"_blank\" rel=\"noopener\">De nouvelles recherches montrent comment les mentors soutiennent le d\u00e9veloppement de carri\u00e8re des jeunes personne vivant au Canada en situation de handicap.<\/a><\/p><p>23 ao\u00fbt 2022<\/p>\t\t\t\t\t\t\t\t<\/div>\n\t\t\t\t<\/div>\n\t\t\t\t\t<\/div>\n\t\t<\/div>\n\t\t\t\t\t<\/div>\n\t\t<\/section>\n\t\t\t\t<section class=\"elementor-section elementor-top-section elementor-element elementor-element-d8c59fa elementor-section-boxed elementor-section-height-default elementor-section-height-default\" data-id=\"d8c59fa\" data-element_type=\"section\" data-e-type=\"section\">\n\t\t\t\t\t\t<div class=\"elementor-container elementor-column-gap-default\">\n\t\t\t\t\t<div class=\"elementor-column elementor-col-100 elementor-top-column elementor-element elementor-element-3746f72\" data-id=\"3746f72\" data-element_type=\"column\" data-e-type=\"column\">\n\t\t\t<div class=\"elementor-widget-wrap elementor-element-populated\">\n\t\t\t\t\t\t<div class=\"elementor-element elementor-element-817479b elementor-widget-divider--view-line elementor-widget elementor-widget-divider\" data-id=\"817479b\" data-element_type=\"widget\" data-e-type=\"widget\" data-widget_type=\"divider.default\">\n\t\t\t\t<div class=\"elementor-widget-container\">\n\t\t\t\t\t\t\t<div class=\"elementor-divider\">\n\t\t\t<span class=\"elementor-divider-separator\">\n\t\t\t\t\t\t<\/span>\n\t\t<\/div>\n\t\t\t\t\t\t<\/div>\n\t\t\t\t<\/div>\n\t\t\t\t\t<\/div>\n\t\t<\/div>\n\t\t\t\t\t<\/div>\n\t\t<\/section>\n\t\t\t\t<section class=\"elementor-section elementor-top-section elementor-element elementor-element-2ead030 elementor-section-boxed elementor-section-height-default elementor-section-height-default\" data-id=\"2ead030\" data-element_type=\"section\" data-e-type=\"section\">\n\t\t\t\t\t\t<div class=\"elementor-container elementor-column-gap-default\">\n\t\t\t\t\t<div class=\"elementor-column elementor-col-100 elementor-top-column elementor-element elementor-element-f33e6b8\" data-id=\"f33e6b8\" data-element_type=\"column\" data-e-type=\"column\" id=\"caseinthenews\">\n\t\t\t<div class=\"elementor-widget-wrap elementor-element-populated\">\n\t\t\t\t\t\t<div class=\"elementor-element elementor-element-42d2bf0 elementor-widget elementor-widget-heading\" data-id=\"42d2bf0\" data-element_type=\"widget\" data-e-type=\"widget\" data-widget_type=\"heading.default\">\n\t\t\t\t<div class=\"elementor-widget-container\">\n\t\t\t\t\t<h2 class=\"elementor-heading-title elementor-size-default\">ACSE dans les m\u00e9dias<\/h2>\t\t\t\t<\/div>\n\t\t\t\t<\/div>\n\t\t\t\t\t<\/div>\n\t\t<\/div>\n\t\t\t\t\t<\/div>\n\t\t<\/section>\n\t\t\t\t<section class=\"elementor-section elementor-top-section elementor-element elementor-element-daf94de elementor-section-boxed elementor-section-height-default elementor-section-height-default\" data-id=\"daf94de\" data-element_type=\"section\" data-e-type=\"section\">\n\t\t\t\t\t\t<div class=\"elementor-container elementor-column-gap-default\">\n\t\t\t\t\t<div class=\"elementor-column elementor-col-50 elementor-top-column elementor-element elementor-element-bce3722\" data-id=\"bce3722\" data-element_type=\"column\" data-e-type=\"column\">\n\t\t\t<div class=\"elementor-widget-wrap elementor-element-populated\">\n\t\t\t\t\t\t<div class=\"elementor-element elementor-element-c4f389b elementor-widget elementor-widget-text-editor\" data-id=\"c4f389b\" data-element_type=\"widget\" data-e-type=\"widget\" data-widget_type=\"text-editor.default\">\n\t\t\t\t<div class=\"elementor-widget-container\">\n\t\t\t\t\t\t\t\t\t<p><a href=\"https:\/\/www.benefitsandpensionsmonitor.com\/news\/industry-news\/three-quarters-of-indigenous-workers-with-disabilities-feel-undervalued\/392737\" target=\"_blank\" rel=\"noopener\">Les trois quarts des main-d&#039;\u0153uvre autochtones handicap\u00e9s se sentent sous-estim\u00e9s.<\/a><\/p>\t\t\t\t\t\t\t\t<\/div>\n\t\t\t\t<\/div>\n\t\t\t\t\t<\/div>\n\t\t<\/div>\n\t\t\t\t<div class=\"elementor-column elementor-col-50 elementor-top-column elementor-element elementor-element-57480b1\" data-id=\"57480b1\" data-element_type=\"column\" data-e-type=\"column\">\n\t\t\t<div class=\"elementor-widget-wrap elementor-element-populated\">\n\t\t\t\t\t\t<div class=\"elementor-element elementor-element-d0ce841 elementor-widget elementor-widget-text-editor\" data-id=\"d0ce841\" data-element_type=\"widget\" data-e-type=\"widget\" data-widget_type=\"text-editor.default\">\n\t\t\t\t<div class=\"elementor-widget-container\">\n\t\t\t\t\t\t\t\t\t<p><b>Moniteur des prestations et des pensions&nbsp;<\/b><\/p>\n<p>12 novembre 2025<\/p>\t\t\t\t\t\t\t\t<\/div>\n\t\t\t\t<\/div>\n\t\t\t\t\t<\/div>\n\t\t<\/div>\n\t\t\t\t\t<\/div>\n\t\t<\/section>\n\t\t\t\t<section class=\"elementor-section elementor-top-section elementor-element elementor-element-e9610b5 elementor-section-boxed elementor-section-height-default elementor-section-height-default\" data-id=\"e9610b5\" data-element_type=\"section\" data-e-type=\"section\">\n\t\t\t\t\t\t<div class=\"elementor-container elementor-column-gap-default\">\n\t\t\t\t\t<div class=\"elementor-column elementor-col-50 elementor-top-column elementor-element elementor-element-0f46880\" data-id=\"0f46880\" data-element_type=\"column\" data-e-type=\"column\">\n\t\t\t<div class=\"elementor-widget-wrap elementor-element-populated\">\n\t\t\t\t\t\t<div class=\"elementor-element elementor-element-ab29fcd elementor-widget elementor-widget-text-editor\" data-id=\"ab29fcd\" data-element_type=\"widget\" data-e-type=\"widget\" data-widget_type=\"text-editor.default\">\n\t\t\t\t<div class=\"elementor-widget-container\">\n\t\t\t\t\t\t\t\t\t<p><a href=\"https:\/\/www.discoverhumboldt.com\/articles\/humboldt-and-district-community-service-celebrates-25-years-of-remarkable-success-in-supported-employment-\" target=\"_blank\" rel=\"noopener\">Humboldt and District Community Service c\u00e9l\u00e8bre 25 ans de succ\u00e8s remarquables dans le soutien \u00e0 l&#039;emploi<\/a><\/p>\t\t\t\t\t\t\t\t<\/div>\n\t\t\t\t<\/div>\n\t\t\t\t\t<\/div>\n\t\t<\/div>\n\t\t\t\t<div class=\"elementor-column elementor-col-50 elementor-top-column elementor-element elementor-element-b8dfe12\" data-id=\"b8dfe12\" data-element_type=\"column\" data-e-type=\"column\">\n\t\t\t<div class=\"elementor-widget-wrap elementor-element-populated\">\n\t\t\t\t\t\t<div class=\"elementor-element elementor-element-9e3d788 elementor-widget elementor-widget-text-editor\" data-id=\"9e3d788\" data-element_type=\"widget\" data-e-type=\"widget\" data-widget_type=\"text-editor.default\">\n\t\t\t\t<div class=\"elementor-widget-container\">\n\t\t\t\t\t\t\t\t\t<p><strong>D\u00e9couvrez Humboldt\u00a0<\/strong><\/p><p>17 octobre 2025<\/p>\t\t\t\t\t\t\t\t<\/div>\n\t\t\t\t<\/div>\n\t\t\t\t\t<\/div>\n\t\t<\/div>\n\t\t\t\t\t<\/div>\n\t\t<\/section>\n\t\t\t\t<section class=\"elementor-section elementor-top-section elementor-element elementor-element-0f3597f elementor-section-boxed elementor-section-height-default elementor-section-height-default\" data-id=\"0f3597f\" data-element_type=\"section\" data-e-type=\"section\">\n\t\t\t\t\t\t<div class=\"elementor-container elementor-column-gap-default\">\n\t\t\t\t\t<div class=\"elementor-column elementor-col-50 elementor-top-column elementor-element elementor-element-6719766\" data-id=\"6719766\" data-element_type=\"column\" data-e-type=\"column\">\n\t\t\t<div class=\"elementor-widget-wrap elementor-element-populated\">\n\t\t\t\t\t\t<div class=\"elementor-element elementor-element-a11212c elementor-widget elementor-widget-text-editor\" data-id=\"a11212c\" data-element_type=\"widget\" data-e-type=\"widget\" data-widget_type=\"text-editor.default\">\n\t\t\t\t<div class=\"elementor-widget-container\">\n\t\t\t\t\t\t\t\t\t<p><a href=\"https:\/\/www.theglobeandmail.com\/business\/careers\/article-with-subtle-phrases-job-postings-inadvertently-weed-out-job-seekers\/\" target=\"_blank\" rel=\"noopener\">Par des formulations subtiles, les offres d&#039;emploi excluent involontairement les demandeurs d&#039;emploi handicap\u00e9s.<\/a>\u00a0<\/p>\t\t\t\t\t\t\t\t<\/div>\n\t\t\t\t<\/div>\n\t\t\t\t\t<\/div>\n\t\t<\/div>\n\t\t\t\t<div class=\"elementor-column elementor-col-50 elementor-top-column elementor-element elementor-element-47878a5\" data-id=\"47878a5\" data-element_type=\"column\" data-e-type=\"column\">\n\t\t\t<div class=\"elementor-widget-wrap elementor-element-populated\">\n\t\t\t\t\t\t<div class=\"elementor-element elementor-element-b83f381 elementor-widget elementor-widget-text-editor\" data-id=\"b83f381\" data-element_type=\"widget\" data-e-type=\"widget\" data-widget_type=\"text-editor.default\">\n\t\t\t\t<div class=\"elementor-widget-container\">\n\t\t\t\t\t\t\t\t\t<p><strong>Le Globe and Mail<\/strong><\/p><p>24 mai 2024<\/p>\t\t\t\t\t\t\t\t<\/div>\n\t\t\t\t<\/div>\n\t\t\t\t\t<\/div>\n\t\t<\/div>\n\t\t\t\t\t<\/div>\n\t\t<\/section>\n\t\t\t\t<section class=\"elementor-section elementor-top-section elementor-element elementor-element-36c2f37 elementor-section-boxed elementor-section-height-default elementor-section-height-default\" data-id=\"36c2f37\" data-element_type=\"section\" data-e-type=\"section\">\n\t\t\t\t\t\t<div class=\"elementor-container elementor-column-gap-default\">\n\t\t\t\t\t<div class=\"elementor-column elementor-col-50 elementor-top-column elementor-element elementor-element-c0a8298\" data-id=\"c0a8298\" data-element_type=\"column\" data-e-type=\"column\">\n\t\t\t<div class=\"elementor-widget-wrap elementor-element-populated\">\n\t\t\t\t\t\t<div class=\"elementor-element elementor-element-6231124 elementor-widget elementor-widget-text-editor\" data-id=\"6231124\" data-element_type=\"widget\" data-e-type=\"widget\" data-widget_type=\"text-editor.default\">\n\t\t\t\t<div class=\"elementor-widget-container\">\n\t\t\t\t\t\t\t\t\t<p><a href=\"https:\/\/news.umanitoba.ca\/accessibility-in-career-development\/\" target=\"_blank\" rel=\"noopener\">L&#039;accessibilit\u00e9 dans le d\u00e9veloppement de carri\u00e8re<\/a><\/p>\t\t\t\t\t\t\t\t<\/div>\n\t\t\t\t<\/div>\n\t\t\t\t\t<\/div>\n\t\t<\/div>\n\t\t\t\t<div class=\"elementor-column elementor-col-50 elementor-top-column elementor-element elementor-element-1017039\" data-id=\"1017039\" data-element_type=\"column\" data-e-type=\"column\">\n\t\t\t<div class=\"elementor-widget-wrap elementor-element-populated\">\n\t\t\t\t\t\t<div class=\"elementor-element elementor-element-6da3188 elementor-widget elementor-widget-text-editor\" data-id=\"6da3188\" data-element_type=\"widget\" data-e-type=\"widget\" data-widget_type=\"text-editor.default\">\n\t\t\t\t<div class=\"elementor-widget-container\">\n\t\t\t\t\t\t\t\t\t<p><strong>Universit\u00e9 du Manitoba aujourd&#039;hui<\/strong><\/p><p>27 mai 2024<\/p>\t\t\t\t\t\t\t\t<\/div>\n\t\t\t\t<\/div>\n\t\t\t\t\t<\/div>\n\t\t<\/div>\n\t\t\t\t\t<\/div>\n\t\t<\/section>\n\t\t\t\t<section class=\"elementor-section elementor-top-section elementor-element elementor-element-32a42e1 elementor-section-boxed elementor-section-height-default elementor-section-height-default\" data-id=\"32a42e1\" data-element_type=\"section\" data-e-type=\"section\">\n\t\t\t\t\t\t<div class=\"elementor-container elementor-column-gap-default\">\n\t\t\t\t\t<div class=\"elementor-column elementor-col-50 elementor-top-column elementor-element elementor-element-530f3e2\" data-id=\"530f3e2\" data-element_type=\"column\" data-e-type=\"column\">\n\t\t\t<div class=\"elementor-widget-wrap elementor-element-populated\">\n\t\t\t\t\t\t<div class=\"elementor-element elementor-element-4b04ba9 elementor-widget elementor-widget-text-editor\" data-id=\"4b04ba9\" data-element_type=\"widget\" data-e-type=\"widget\" data-widget_type=\"text-editor.default\">\n\t\t\t\t<div class=\"elementor-widget-container\">\n\t\t\t\t\t\t\t\t\t<p><a href=\"https:\/\/edmonton.citynews.ca\/2024\/10\/02\/disability-employment-inclusion-edmonton\/\" target=\"_blank\" rel=\"noopener\">Sensibiliser la population \u00e0 l&#039;emploi, \u00e0 l&#039;inclusion et \u00e0 l&#039;accessibilit\u00e9 des personnes handicap\u00e9es \u00e0 Edmonton<\/a><\/p>\t\t\t\t\t\t\t\t<\/div>\n\t\t\t\t<\/div>\n\t\t\t\t\t<\/div>\n\t\t<\/div>\n\t\t\t\t<div class=\"elementor-column elementor-col-50 elementor-top-column elementor-element elementor-element-c1f5e39\" data-id=\"c1f5e39\" data-element_type=\"column\" data-e-type=\"column\">\n\t\t\t<div class=\"elementor-widget-wrap elementor-element-populated\">\n\t\t\t\t\t\t<div class=\"elementor-element elementor-element-5696f53 elementor-widget elementor-widget-text-editor\" data-id=\"5696f53\" data-element_type=\"widget\" data-e-type=\"widget\" data-widget_type=\"text-editor.default\">\n\t\t\t\t<div class=\"elementor-widget-container\">\n\t\t\t\t\t\t\t\t\t<p><strong>CityNews Edmonton<\/strong><\/p><p>2 octobre 2024<\/p>\t\t\t\t\t\t\t\t<\/div>\n\t\t\t\t<\/div>\n\t\t\t\t\t<\/div>\n\t\t<\/div>\n\t\t\t\t\t<\/div>\n\t\t<\/section>\n\t\t\t\t<section class=\"elementor-section elementor-top-section elementor-element elementor-element-20d141d elementor-section-boxed elementor-section-height-default elementor-section-height-default\" data-id=\"20d141d\" data-element_type=\"section\" data-e-type=\"section\">\n\t\t\t\t\t\t<div class=\"elementor-container elementor-column-gap-default\">\n\t\t\t\t\t<div class=\"elementor-column elementor-col-50 elementor-top-column elementor-element elementor-element-6165794\" data-id=\"6165794\" data-element_type=\"column\" data-e-type=\"column\">\n\t\t\t<div class=\"elementor-widget-wrap elementor-element-populated\">\n\t\t\t\t\t\t<div class=\"elementor-element elementor-element-ede4f5a elementor-widget elementor-widget-text-editor\" data-id=\"ede4f5a\" data-element_type=\"widget\" data-e-type=\"widget\" data-widget_type=\"text-editor.default\">\n\t\t\t\t<div class=\"elementor-widget-container\">\n\t\t\t\t\t\t\t\t\t<p><a href=\"https:\/\/news.spinningforward.com\/issues\/26#start\" target=\"_blank\" rel=\"noopener\">L&#039;inclusion n&#039;est pas un engagement d&#039;un mois.<\/a><\/p>\t\t\t\t\t\t\t\t<\/div>\n\t\t\t\t<\/div>\n\t\t\t\t\t<\/div>\n\t\t<\/div>\n\t\t\t\t<div class=\"elementor-column elementor-col-50 elementor-top-column elementor-element elementor-element-eb5d1d8\" data-id=\"eb5d1d8\" data-element_type=\"column\" data-e-type=\"column\">\n\t\t\t<div class=\"elementor-widget-wrap elementor-element-populated\">\n\t\t\t\t\t\t<div class=\"elementor-element elementor-element-12e3d02 elementor-widget elementor-widget-text-editor\" data-id=\"12e3d02\" data-element_type=\"widget\" data-e-type=\"widget\" data-widget_type=\"text-editor.default\">\n\t\t\t\t<div class=\"elementor-widget-container\">\n\t\t\t\t\t\t\t\t\t<p><strong>Tourner vers l&#039;avant<\/strong><\/p><p>5 novembre 2024<\/p>\t\t\t\t\t\t\t\t<\/div>\n\t\t\t\t<\/div>\n\t\t\t\t\t<\/div>\n\t\t<\/div>\n\t\t\t\t\t<\/div>\n\t\t<\/section>\n\t\t\t\t<section class=\"elementor-section elementor-top-section elementor-element elementor-element-d5d481b elementor-section-boxed elementor-section-height-default elementor-section-height-default\" data-id=\"d5d481b\" data-element_type=\"section\" data-e-type=\"section\">\n\t\t\t\t\t\t<div class=\"elementor-container elementor-column-gap-default\">\n\t\t\t\t\t<div class=\"elementor-column elementor-col-50 elementor-top-column elementor-element elementor-element-5a94888\" data-id=\"5a94888\" data-element_type=\"column\" data-e-type=\"column\">\n\t\t\t<div class=\"elementor-widget-wrap elementor-element-populated\">\n\t\t\t\t\t\t<div class=\"elementor-element elementor-element-1ad06a3 elementor-widget elementor-widget-text-editor\" data-id=\"1ad06a3\" data-element_type=\"widget\" data-e-type=\"widget\" data-widget_type=\"text-editor.default\">\n\t\t\t\t<div class=\"elementor-widget-container\">\n\t\t\t\t\t\t\t\t\t<p><a href=\"https:\/\/www.managehrmagazine.com\/case\" target=\"_blank\" rel=\"noopener\">ACSE: Diversification des effectifs avec des employ\u00e9s qualifi\u00e9s en situation de handicap<\/a><\/p><p>Meilleur fournisseur de services de diversit\u00e9 et d&#039;inclusion au Canada en 2023<\/p>\t\t\t\t\t\t\t\t<\/div>\n\t\t\t\t<\/div>\n\t\t\t\t\t<\/div>\n\t\t<\/div>\n\t\t\t\t<div class=\"elementor-column elementor-col-50 elementor-top-column elementor-element elementor-element-e0acaa4\" data-id=\"e0acaa4\" data-element_type=\"column\" data-e-type=\"column\">\n\t\t\t<div class=\"elementor-widget-wrap elementor-element-populated\">\n\t\t\t\t\t\t<div class=\"elementor-element elementor-element-3f3af10 elementor-widget elementor-widget-text-editor\" data-id=\"3f3af10\" data-element_type=\"widget\" data-e-type=\"widget\" data-widget_type=\"text-editor.default\">\n\t\t\t\t<div class=\"elementor-widget-container\">\n\t\t\t\t\t\t\t\t\t<p><strong>Magazine Manage HR<\/strong><\/p><p>2023<\/p>\t\t\t\t\t\t\t\t<\/div>\n\t\t\t\t<\/div>\n\t\t\t\t\t<\/div>\n\t\t<\/div>\n\t\t\t\t\t<\/div>\n\t\t<\/section>\n\t\t\t\t<section class=\"elementor-section elementor-top-section elementor-element elementor-element-a670b74 elementor-section-boxed elementor-section-height-default elementor-section-height-default\" data-id=\"a670b74\" data-element_type=\"section\" data-e-type=\"section\">\n\t\t\t\t\t\t<div class=\"elementor-container elementor-column-gap-default\">\n\t\t\t\t\t<div class=\"elementor-column elementor-col-50 elementor-top-column elementor-element elementor-element-86c55ed\" data-id=\"86c55ed\" data-element_type=\"column\" data-e-type=\"column\">\n\t\t\t<div class=\"elementor-widget-wrap elementor-element-populated\">\n\t\t\t\t\t\t<div class=\"elementor-element elementor-element-ac27a28 elementor-widget elementor-widget-text-editor\" data-id=\"ac27a28\" data-element_type=\"widget\" data-e-type=\"widget\" data-widget_type=\"text-editor.default\">\n\t\t\t\t<div class=\"elementor-widget-container\">\n\t\t\t\t\t\t\t\t\t<p><a href=\"https:\/\/sasknow.com\/2023\/06\/17\/humboldt-sobeys-bring-home-national-award-after-longstanding-inclusive-employment-practices\/\" target=\"_blank\" rel=\"noopener\">Humboldt Sobeys remporte un prix national gr\u00e2ce \u00e0 ses pratiques d&#039;emploi inclusives de longue date.<\/a><\/p>\t\t\t\t\t\t\t\t<\/div>\n\t\t\t\t<\/div>\n\t\t\t\t\t<\/div>\n\t\t<\/div>\n\t\t\t\t<div class=\"elementor-column elementor-col-50 elementor-top-column elementor-element elementor-element-273de1f\" data-id=\"273de1f\" data-element_type=\"column\" data-e-type=\"column\">\n\t\t\t<div class=\"elementor-widget-wrap elementor-element-populated\">\n\t\t\t\t\t\t<div class=\"elementor-element elementor-element-7330468 elementor-widget elementor-widget-text-editor\" data-id=\"7330468\" data-element_type=\"widget\" data-e-type=\"widget\" data-widget_type=\"text-editor.default\">\n\t\t\t\t<div class=\"elementor-widget-container\">\n\t\t\t\t\t\t\t\t\t<p><strong>SaskNow<\/strong><\/p><p>17 juin 2023<\/p>\t\t\t\t\t\t\t\t<\/div>\n\t\t\t\t<\/div>\n\t\t\t\t\t<\/div>\n\t\t<\/div>\n\t\t\t\t\t<\/div>\n\t\t<\/section>\n\t\t\t\t<section class=\"elementor-section elementor-top-section elementor-element elementor-element-4a2e1b1 elementor-section-boxed elementor-section-height-default elementor-section-height-default\" data-id=\"4a2e1b1\" data-element_type=\"section\" data-e-type=\"section\">\n\t\t\t\t\t\t<div class=\"elementor-container elementor-column-gap-default\">\n\t\t\t\t\t<div class=\"elementor-column elementor-col-50 elementor-top-column elementor-element elementor-element-c1c874a\" data-id=\"c1c874a\" data-element_type=\"column\" data-e-type=\"column\">\n\t\t\t<div class=\"elementor-widget-wrap elementor-element-populated\">\n\t\t\t\t\t\t<div class=\"elementor-element elementor-element-18f6824 elementor-widget elementor-widget-text-editor\" data-id=\"18f6824\" data-element_type=\"widget\" data-e-type=\"widget\" data-widget_type=\"text-editor.default\">\n\t\t\t\t<div class=\"elementor-widget-container\">\n\t\t\t\t\t\t\t\t\t<p><a href=\"https:\/\/www.bdc.ca\/en\/articles-tools\/employees\/manage\/how-build-disability-inclusive-workplace\" target=\"_blank\" rel=\"noopener\">Comment cr\u00e9er un lieu de travail inclusif pour les personnes handicap\u00e9es<\/a><\/p><p><a href=\"https:\/\/www.bdc.ca\/fr\/articles-outils\/employes\/gerer\/comment-creer-lieu-travail-inclusif-egard-personnes-handicapees\" target=\"_blank\" rel=\"noopener\">Comment cr\u00e9er un lieu de travail inclusif \u00e0 l&#039;\u00e9gard des personnes handicap\u00e9es<\/a><\/p>\t\t\t\t\t\t\t\t<\/div>\n\t\t\t\t<\/div>\n\t\t\t\t\t<\/div>\n\t\t<\/div>\n\t\t\t\t<div class=\"elementor-column elementor-col-50 elementor-top-column elementor-element elementor-element-e4164f5\" data-id=\"e4164f5\" data-element_type=\"column\" data-e-type=\"column\">\n\t\t\t<div class=\"elementor-widget-wrap elementor-element-populated\">\n\t\t\t\t\t\t<div class=\"elementor-element elementor-element-4f66fc5 elementor-widget elementor-widget-text-editor\" data-id=\"4f66fc5\" data-element_type=\"widget\" data-e-type=\"widget\" data-widget_type=\"text-editor.default\">\n\t\t\t\t<div class=\"elementor-widget-container\">\n\t\t\t\t\t\t\t\t\t<p><strong>BDC<\/strong><\/p><p>19 octobre 2023<\/p>\t\t\t\t\t\t\t\t<\/div>\n\t\t\t\t<\/div>\n\t\t\t\t\t<\/div>\n\t\t<\/div>\n\t\t\t\t\t<\/div>\n\t\t<\/section>\n\t\t\t\t<section class=\"elementor-section elementor-top-section elementor-element elementor-element-23cdd8c elementor-section-boxed elementor-section-height-default elementor-section-height-default\" data-id=\"23cdd8c\" data-element_type=\"section\" data-e-type=\"section\">\n\t\t\t\t\t\t<div class=\"elementor-container elementor-column-gap-default\">\n\t\t\t\t\t<div class=\"elementor-column elementor-col-50 elementor-top-column elementor-element elementor-element-4989f09\" data-id=\"4989f09\" data-element_type=\"column\" data-e-type=\"column\">\n\t\t\t<div class=\"elementor-widget-wrap elementor-element-populated\">\n\t\t\t\t\t\t<div class=\"elementor-element elementor-element-8aef9d3 elementor-widget elementor-widget-text-editor\" data-id=\"8aef9d3\" data-element_type=\"widget\" data-e-type=\"widget\" data-widget_type=\"text-editor.default\">\n\t\t\t\t<div class=\"elementor-widget-container\">\n\t\t\t\t\t\t\t\t\t<p><a href=\"https:\/\/music.amazon.com\/podcasts\/bd05053b-dd8e-4ba5-a35b-46503a5ded46\/episodes\/15a1d16f-a533-4b0f-ba2f-19e9109453ea\/disability-discussions-with-ihoma-healthcare-new-research-shows-how-mentors-support-the-career-development-of-canadian-youth-experiencing-a-disability\" target=\"_blank\" rel=\"noopener\">De nouvelles recherches montrent comment les mentors soutiennent le d\u00e9veloppement de carri\u00e8re des jeunes personne vivant au Canada en situation de handicap.<\/a><\/p>\t\t\t\t\t\t\t\t<\/div>\n\t\t\t\t<\/div>\n\t\t\t\t\t<\/div>\n\t\t<\/div>\n\t\t\t\t<div class=\"elementor-column elementor-col-50 elementor-top-column elementor-element elementor-element-6594b9b\" data-id=\"6594b9b\" data-element_type=\"column\" data-e-type=\"column\">\n\t\t\t<div class=\"elementor-widget-wrap elementor-element-populated\">\n\t\t\t\t\t\t<div class=\"elementor-element elementor-element-2795fbd elementor-widget elementor-widget-text-editor\" data-id=\"2795fbd\" data-element_type=\"widget\" data-e-type=\"widget\" data-widget_type=\"text-editor.default\">\n\t\t\t\t<div class=\"elementor-widget-container\">\n\t\t\t\t\t\t\t\t\t<p><strong>Discussions sur le handicap avec le podcast Ihoma Healthcare <\/strong><\/p><p>12 septembre 2022<\/p>\t\t\t\t\t\t\t\t<\/div>\n\t\t\t\t<\/div>\n\t\t\t\t\t<\/div>\n\t\t<\/div>\n\t\t\t\t\t<\/div>\n\t\t<\/section>\n\t\t\t\t<section class=\"elementor-section elementor-top-section elementor-element elementor-element-4feb466 elementor-section-boxed elementor-section-height-default elementor-section-height-default\" data-id=\"4feb466\" data-element_type=\"section\" data-e-type=\"section\">\n\t\t\t\t\t\t<div class=\"elementor-container elementor-column-gap-default\">\n\t\t\t\t\t<div class=\"elementor-column elementor-col-50 elementor-top-column elementor-element elementor-element-0d8907c\" data-id=\"0d8907c\" data-element_type=\"column\" data-e-type=\"column\">\n\t\t\t<div class=\"elementor-widget-wrap elementor-element-populated\">\n\t\t\t\t\t\t<div class=\"elementor-element elementor-element-2c5a72e elementor-widget elementor-widget-text-editor\" data-id=\"2c5a72e\" data-element_type=\"widget\" data-e-type=\"widget\" data-widget_type=\"text-editor.default\">\n\t\t\t\t<div class=\"elementor-widget-container\">\n\t\t\t\t\t\t\t\t\t<p><a href=\"https:\/\/www.pioneerspost.com\/business-school\/20210917\/advantage-autism-the-social-business-champions-neurodiversity-work\" target=\"_blank\" rel=\"noopener\">Advantage Autism : l&#039;entreprise sociale qui promeut la neurodiversit\u00e9 au travail<\/a><\/p>\t\t\t\t\t\t\t\t<\/div>\n\t\t\t\t<\/div>\n\t\t\t\t\t<\/div>\n\t\t<\/div>\n\t\t\t\t<div class=\"elementor-column elementor-col-50 elementor-top-column elementor-element elementor-element-57e3165\" data-id=\"57e3165\" data-element_type=\"column\" data-e-type=\"column\">\n\t\t\t<div class=\"elementor-widget-wrap elementor-element-populated\">\n\t\t\t\t\t\t<div class=\"elementor-element elementor-element-9d51ecd elementor-widget elementor-widget-text-editor\" data-id=\"9d51ecd\" data-element_type=\"widget\" data-e-type=\"widget\" data-widget_type=\"text-editor.default\">\n\t\t\t\t<div class=\"elementor-widget-container\">\n\t\t\t\t\t\t\t\t\t<p><strong>Poste des pionniers<\/strong><\/p><p>17 septembre 2021<\/p>\t\t\t\t\t\t\t\t<\/div>\n\t\t\t\t<\/div>\n\t\t\t\t\t<\/div>\n\t\t<\/div>\n\t\t\t\t\t<\/div>\n\t\t<\/section>\n\t\t\t\t<\/div>","protected":false},"excerpt":{"rendered":"<p>CASE News For media requests, please contact the Canadian Association for Supported Employment (CASE) at\u00a0contact@supportedemployment.ca. Skip to the following section: The Latest News from CASE The news we share about [&hellip;]<\/p>\n","protected":false},"author":4170,"featured_media":0,"parent":0,"menu_order":0,"comment_status":"closed","ping_status":"closed","template":"","meta":{"_acf_changed":false,"footnotes":""},"class_list":["post-61826","page","type-page","status-publish","hentry"],"acf":[],"_links":{"self":[{"href":"https:\/\/www.supportedemployment.ca\/fr\/wp-json\/wp\/v2\/pages\/61826","targetHints":{"allow":["GET"]}}],"collection":[{"href":"https:\/\/www.supportedemployment.ca\/fr\/wp-json\/wp\/v2\/pages"}],"about":[{"href":"https:\/\/www.supportedemployment.ca\/fr\/wp-json\/wp\/v2\/types\/page"}],"author":[{"embeddable":true,"href":"https:\/\/www.supportedemployment.ca\/fr\/wp-json\/wp\/v2\/users\/4170"}],"replies":[{"embeddable":true,"href":"https:\/\/www.supportedemployment.ca\/fr\/wp-json\/wp\/v2\/comments?post=61826"}],"version-history":[{"count":0,"href":"https:\/\/www.supportedemployment.ca\/fr\/wp-json\/wp\/v2\/pages\/61826\/revisions"}],"wp:attachment":[{"href":"https:\/\/www.supportedemployment.ca\/fr\/wp-json\/wp\/v2\/media?parent=61826"}],"curies":[{"name":"wp","href":"https:\/\/api.w.org\/{rel}","templated":true}]}}